{"id":8799,"date":"2016-04-19T15:39:27","date_gmt":"2016-04-19T15:39:27","guid":{"rendered":"http:\/\/felixsolisavantis.com\/fr\/?post_type=wine&#038;p=8799"},"modified":"2025-11-14T09:12:23","modified_gmt":"2025-11-14T08:12:23","slug":"condado-de-oriza-409","status":"publish","type":"wine","link":"https:\/\/felixsolisavantis.com\/fr\/wine\/condado-de-oriza-409\/","title":{"rendered":"409"},"content":{"rendered":"<p>Le 409 est produit \u00e0 partir des raisins de Tinta del Pa\u00eds (Tempranillo) provenant de vignes jeunes et vieilles des deux parcelles diff\u00e9rentes aux environs d\u2019Olmedillo Roa. Le vin vieillit en f\u00fbts de ch\u00eane fran\u00e7ais pendant 409 jours, d&#8217;o\u00f9 son nom.<\/p>\n","protected":false},"excerpt":{"rendered":"<p>Le 409 est produit \u00e0 partir des raisins de Tinta del Pa\u00eds (Tempranillo) provenant de vignes jeunes et vieilles des deux parcelles diff\u00e9rentes aux environs d\u2019Olmedillo Roa. Le vin vieillit en f\u00fbts de ch\u00eane fran\u00e7ais pendant 409 jours, d&#8217;o\u00f9 son nom.<\/p>\n","protected":false},"author":4,"featured_media":23362,"menu_order":0,"template":"","format":"standard","region":[222],"wine-type":[235],"wines_filter":[717,600,593,636],"valley":[],"acf":[],"yoast_head":"<!-- This site is optimized with the Yoast SEO plugin v21.6 - https:\/\/yoast.com\/wordpress\/plugins\/seo\/ -->\n<title>409 | F\u00e9lix Sol\u00eds Avantis<\/title>\n<meta name=\"description\" content=\"Le 409 est produit \u00e0 partir des raisins de Tinta del Pa\u00eds (Tempranillo) provenant de vignes jeunes et vieilles des deux parcelles\" \/>\n<meta name=\"robots\" content=\"index, follow, max-snippet:-1, max-image-preview:large, max-video-preview:-1\" \/>\n<link rel=\"canonical\" href=\"https:\/\/felixsolisavantis.com\/fr\/wine\/condado-de-oriza-409\/\" \/>\n<meta property=\"og:locale\" content=\"fr_FR\" \/>\n<meta property=\"og:type\" content=\"article\" \/>\n<meta property=\"og:title\" content=\"409 | F\u00e9lix Sol\u00eds Avantis\" \/>\n<meta property=\"og:description\" content=\"Le 409 est produit \u00e0 partir des raisins de Tinta del Pa\u00eds (Tempranillo) provenant de vignes jeunes et vieilles des deux parcelles\" \/>\n<meta property=\"og:url\" content=\"https:\/\/felixsolisavantis.com\/fr\/wine\/condado-de-oriza-409\/\" \/>\n<meta property=\"og:site_name\" content=\"F\u00e9lix Sol\u00eds Avantis\" \/>\n<meta property=\"article:publisher\" content=\"https:\/\/www.facebook.com\/felixsolis.avantis\" \/>\n<meta property=\"article:modified_time\" content=\"2025-11-14T08:12:23+00:00\" \/>\n<meta property=\"og:image\" content=\"https:\/\/felixsolisavantis.com\/app\/uploads\/2014\/09\/409.png\" \/>\n\t<meta property=\"og:image:width\" content=\"261\" \/>\n\t<meta property=\"og:image:height\" content=\"892\" \/>\n\t<meta property=\"og:image:type\" content=\"image\/png\" \/>\n<meta name=\"twitter:card\" content=\"summary_large_image\" \/>\n<meta name=\"twitter:site\" content=\"@felixsolisgrupo\" \/>\n<meta name=\"twitter:label1\" content=\"Dur\u00e9e de lecture estim\u00e9e\" \/>\n\t<meta name=\"twitter:data1\" content=\"1 minute\" \/>\n<script type=\"application\/ld+json\" class=\"yoast-schema-graph\">{\"@context\":\"https:\/\/schema.org\",\"@graph\":[{\"@type\":\"WebPage\",\"@id\":\"https:\/\/felixsolisavantis.com\/fr\/wine\/condado-de-oriza-409\/\",\"url\":\"https:\/\/felixsolisavantis.com\/fr\/wine\/condado-de-oriza-409\/\",\"name\":\"409 | F\u00e9lix Sol\u00eds Avantis\",\"isPartOf\":{\"@id\":\"https:\/\/felixsolisavantis.com\/#website\"},\"datePublished\":\"2016-04-19T15:39:27+00:00\",\"dateModified\":\"2025-11-14T08:12:23+00:00\",\"description\":\"Le 409 est produit \u00e0 partir des raisins de Tinta del Pa\u00eds (Tempranillo) provenant de vignes jeunes et vieilles des deux parcelles\",\"inLanguage\":\"fr-FR\",\"potentialAction\":[{\"@type\":\"ReadAction\",\"target\":[\"https:\/\/felixsolisavantis.com\/fr\/wine\/condado-de-oriza-409\/\"]}]},{\"@type\":\"WebSite\",\"@id\":\"https:\/\/felixsolisavantis.com\/#website\",\"url\":\"https:\/\/felixsolisavantis.com\/\",\"name\":\"F\u00e9lix Sol\u00eds Avantis\",\"description\":\"\",\"publisher\":{\"@id\":\"https:\/\/felixsolisavantis.com\/#organization\"},\"potentialAction\":[{\"@type\":\"SearchAction\",\"target\":{\"@type\":\"EntryPoint\",\"urlTemplate\":\"https:\/\/felixsolisavantis.com\/?s={search_term_string}\"},\"query-input\":\"required name=search_term_string\"}],\"inLanguage\":\"fr-FR\"},{\"@type\":\"Organization\",\"@id\":\"https:\/\/felixsolisavantis.com\/#organization\",\"name\":\"F\u00e9lix Sol\u00eds Avantis\",\"url\":\"https:\/\/felixsolisavantis.com\/\",\"logo\":{\"@type\":\"ImageObject\",\"inLanguage\":\"fr-FR\",\"@id\":\"https:\/\/felixsolisavantis.com\/#\/schema\/logo\/image\/\",\"url\":\"https:\/\/felixsolisavantis.com\/app\/uploads\/2022\/03\/felix_solis_avantis_logo_neg_rgb_black.png\",\"contentUrl\":\"https:\/\/felixsolisavantis.com\/app\/uploads\/2022\/03\/felix_solis_avantis_logo_neg_rgb_black.png\",\"width\":1820,\"height\":705,\"caption\":\"F\u00e9lix Sol\u00eds Avantis\"},\"image\":{\"@id\":\"https:\/\/felixsolisavantis.com\/#\/schema\/logo\/image\/\"},\"sameAs\":[\"https:\/\/www.facebook.com\/felixsolis.avantis\",\"https:\/\/twitter.com\/felixsolisgrupo\",\"https:\/\/www.instagram.com\/felixsolisavantis\/\"]}]}<\/script>\n<!-- \/ Yoast SEO plugin. -->","yoast_head_json":{"title":"409 | F\u00e9lix Sol\u00eds Avantis","description":"Le 409 est produit \u00e0 partir des raisins de Tinta del Pa\u00eds (Tempranillo) provenant de vignes jeunes et vieilles des deux parcelles","robots":{"index":"index","follow":"follow","max-snippet":"max-snippet:-1","max-image-preview":"max-image-preview:large","max-video-preview":"max-video-preview:-1"},"canonical":"https:\/\/felixsolisavantis.com\/fr\/wine\/condado-de-oriza-409\/","og_locale":"fr_FR","og_type":"article","og_title":"409 | F\u00e9lix Sol\u00eds Avantis","og_description":"Le 409 est produit \u00e0 partir des raisins de Tinta del Pa\u00eds (Tempranillo) provenant de vignes jeunes et vieilles des deux parcelles","og_url":"https:\/\/felixsolisavantis.com\/fr\/wine\/condado-de-oriza-409\/","og_site_name":"F\u00e9lix Sol\u00eds Avantis","article_publisher":"https:\/\/www.facebook.com\/felixsolis.avantis","article_modified_time":"2025-11-14T08:12:23+00:00","og_image":[{"width":261,"height":892,"url":"https:\/\/felixsolisavantis.com\/app\/uploads\/2014\/09\/409.png","type":"image\/png"}],"twitter_card":"summary_large_image","twitter_site":"@felixsolisgrupo","twitter_misc":{"Dur\u00e9e de lecture estim\u00e9e":"1 minute"},"schema":{"@context":"https:\/\/schema.org","@graph":[{"@type":"WebPage","@id":"https:\/\/felixsolisavantis.com\/fr\/wine\/condado-de-oriza-409\/","url":"https:\/\/felixsolisavantis.com\/fr\/wine\/condado-de-oriza-409\/","name":"409 | F\u00e9lix Sol\u00eds Avantis","isPartOf":{"@id":"https:\/\/felixsolisavantis.com\/#website"},"datePublished":"2016-04-19T15:39:27+00:00","dateModified":"2025-11-14T08:12:23+00:00","description":"Le 409 est produit \u00e0 partir des raisins de Tinta del Pa\u00eds (Tempranillo) provenant de vignes jeunes et vieilles des deux parcelles","inLanguage":"fr-FR","potentialAction":[{"@type":"ReadAction","target":["https:\/\/felixsolisavantis.com\/fr\/wine\/condado-de-oriza-409\/"]}]},{"@type":"WebSite","@id":"https:\/\/felixsolisavantis.com\/#website","url":"https:\/\/felixsolisavantis.com\/","name":"F\u00e9lix Sol\u00eds Avantis","description":"","publisher":{"@id":"https:\/\/felixsolisavantis.com\/#organization"},"potentialAction":[{"@type":"SearchAction","target":{"@type":"EntryPoint","urlTemplate":"https:\/\/felixsolisavantis.com\/?s={search_term_string}"},"query-input":"required name=search_term_string"}],"inLanguage":"fr-FR"},{"@type":"Organization","@id":"https:\/\/felixsolisavantis.com\/#organization","name":"F\u00e9lix Sol\u00eds Avantis","url":"https:\/\/felixsolisavantis.com\/","logo":{"@type":"ImageObject","inLanguage":"fr-FR","@id":"https:\/\/felixsolisavantis.com\/#\/schema\/logo\/image\/","url":"https:\/\/felixsolisavantis.com\/app\/uploads\/2022\/03\/felix_solis_avantis_logo_neg_rgb_black.png","contentUrl":"https:\/\/felixsolisavantis.com\/app\/uploads\/2022\/03\/felix_solis_avantis_logo_neg_rgb_black.png","width":1820,"height":705,"caption":"F\u00e9lix Sol\u00eds Avantis"},"image":{"@id":"https:\/\/felixsolisavantis.com\/#\/schema\/logo\/image\/"},"sameAs":["https:\/\/www.facebook.com\/felixsolis.avantis","https:\/\/twitter.com\/felixsolisgrupo","https:\/\/www.instagram.com\/felixsolisavantis\/"]}]}},"_links":{"self":[{"href":"https:\/\/felixsolisavantis.com\/fr\/wp-json\/wp\/v2\/wine\/8799"}],"collection":[{"href":"https:\/\/felixsolisavantis.com\/fr\/wp-json\/wp\/v2\/wine"}],"about":[{"href":"https:\/\/felixsolisavantis.com\/fr\/wp-json\/wp\/v2\/types\/wine"}],"author":[{"embeddable":true,"href":"https:\/\/felixsolisavantis.com\/fr\/wp-json\/wp\/v2\/users\/4"}],"wp:featuredmedia":[{"embeddable":true,"href":"https:\/\/felixsolisavantis.com\/fr\/wp-json\/wp\/v2\/media\/23362"}],"wp:attachment":[{"href":"https:\/\/felixsolisavantis.com\/fr\/wp-json\/wp\/v2\/media?parent=8799"}],"wp:term":[{"taxonomy":"region","embeddable":true,"href":"https:\/\/felixsolisavantis.com\/fr\/wp-json\/wp\/v2\/region?post=8799"},{"taxonomy":"wine-type","embeddable":true,"href":"https:\/\/felixsolisavantis.com\/fr\/wp-json\/wp\/v2\/wine-type?post=8799"},{"taxonomy":"wines_filter","embeddable":true,"href":"https:\/\/felixsolisavantis.com\/fr\/wp-json\/wp\/v2\/wines_filter?post=8799"},{"taxonomy":"valley","embeddable":true,"href":"https:\/\/felixsolisavantis.com\/fr\/wp-json\/wp\/v2\/valley?post=8799"}],"curies":[{"name":"wp","href":"https:\/\/api.w.org\/{rel}","templated":true}]}}