{"id":32003,"date":"2026-04-23T12:15:56","date_gmt":"2026-04-23T11:15:56","guid":{"rendered":"https:\/\/felixsolisavantis.com\/?post_type=wine&#038;p=32003"},"modified":"2026-04-23T12:17:42","modified_gmt":"2026-04-23T11:17:42","slug":"finca-valeria-rose","status":"publish","type":"wine","link":"https:\/\/felixsolisavantis.com\/fr\/wine\/finca-valeria-rose\/","title":{"rendered":"Finca Valeria Ros\u00e9"},"content":{"rendered":"<p>Finca Valeria Ros\u00e9 trouve ses origines sur la c\u00f4te sud de la France, o\u00f9 le caract\u00e8re, l&#8217;ensoleillement et la fra\u00eecheur de la M\u00e9diterran\u00e9e donnent le ton au vignoble. Il en r\u00e9sulte un assemblage haut de gamme qui allie l&#8217;essence des deux r\u00e9gions les plus embl\u00e9matiques du ros\u00e9 fran\u00e7ais : la Provence et le Languedoc.<\/p>\n<p>En Provence, le mistral purifie et rafra\u00eechit les vignobles, permettant aux raisins de m\u00fbrir jusqu\u2019\u00e0 atteindre un \u00e9quilibre parfait. Ses sols calcaires et argileux conf\u00e8rent au vin une tension vibrante et une subtile salinit\u00e9 qui \u00e9voquent la brise marine et les champs de lavande.<\/p>\n<p>De son c\u00f4t\u00e9, le Languedoc apporte la force d\u2019une terre de contrastes, s\u2019\u00e9tendant de la c\u00f4te aux Pyr\u00e9n\u00e9es. Ici, la rencontre entre l\u2019air marin humide et les vents de Tramontane conf\u00e8re une puret\u00e9 unique. Le r\u00e9sultat est un vin harmonieux qui capture l\u2019essence lumineuse et parfum\u00e9e des champs d\u2019herbes aromatiques \u00e0 travers ses trois c\u00e9pages phares.<\/p>\n","protected":false},"excerpt":{"rendered":"<p>Finca Valeria Ros\u00e9 trouve ses origines sur la c\u00f4te sud de la France, o\u00f9 le caract\u00e8re, l&#8217;ensoleillement et la fra\u00eecheur de la M\u00e9diterran\u00e9e donnent le ton au vignoble. Il en r\u00e9sulte un assemblage haut de gamme qui allie l&#8217;essence des deux r\u00e9gions les plus embl\u00e9matiques du ros\u00e9 fran\u00e7ais : la Provence et le Languedoc. En Provence, le mistral purifie et rafra\u00eechit les vignobles, permettant aux raisins de m\u00fbrir jusqu\u2019\u00e0 atteindre un \u00e9quilibre parfait. Ses sols calcaires et argileux conf\u00e8rent au vin une tension vibrante et une subtile salinit\u00e9 qui \u00e9voquent la brise marine et les champs de lavande. De son c\u00f4t\u00e9, le Languedoc apporte la force d\u2019une terre de contrastes, [&hellip;]<\/p>\n","protected":false},"author":4,"featured_media":31786,"menu_order":162,"template":"","format":"standard","region":[],"wine-type":[237],"wines_filter":[],"valley":[],"acf":[],"yoast_head":"<!-- This site is optimized with the Yoast SEO plugin v21.6 - https:\/\/yoast.com\/wordpress\/plugins\/seo\/ -->\n<title>Finca Valeria Ros\u00e9 | F\u00e9lix Sol\u00eds Avantis<\/title>\n<meta name=\"description\" content=\"Finca Valeria Ros\u00e9 trouve ses origines sur la c\u00f4te sud de la France, o\u00f9 le caract\u00e8re, l&#039;ensoleillement et la fra\u00eecheur de la M\u00e9diterran\u00e9e donnent le ton au vignoble.\" \/>\n<meta name=\"robots\" content=\"index, follow, max-snippet:-1, max-image-preview:large, max-video-preview:-1\" \/>\n<link rel=\"canonical\" href=\"https:\/\/felixsolisavantis.com\/fr\/wine\/finca-valeria-rose\/\" \/>\n<meta property=\"og:locale\" content=\"fr_FR\" \/>\n<meta property=\"og:type\" content=\"article\" \/>\n<meta property=\"og:title\" content=\"Finca Valeria Ros\u00e9 | F\u00e9lix Sol\u00eds Avantis\" \/>\n<meta property=\"og:description\" content=\"Finca Valeria Ros\u00e9 trouve ses origines sur la c\u00f4te sud de la France, o\u00f9 le caract\u00e8re, l&#039;ensoleillement et la fra\u00eecheur de la M\u00e9diterran\u00e9e donnent le ton au vignoble.\" \/>\n<meta property=\"og:url\" content=\"https:\/\/felixsolisavantis.com\/fr\/wine\/finca-valeria-rose\/\" \/>\n<meta property=\"og:site_name\" content=\"F\u00e9lix Sol\u00eds Avantis\" \/>\n<meta property=\"article:publisher\" content=\"https:\/\/www.facebook.com\/felixsolis.avantis\" \/>\n<meta property=\"article:modified_time\" content=\"2026-04-23T11:17:42+00:00\" \/>\n<meta property=\"og:image\" content=\"https:\/\/felixsolisavantis.com\/app\/uploads\/2026\/03\/finca-valeria-rose.png\" \/>\n\t<meta property=\"og:image:width\" content=\"261\" \/>\n\t<meta property=\"og:image:height\" content=\"892\" \/>\n\t<meta property=\"og:image:type\" content=\"image\/png\" \/>\n<meta name=\"twitter:card\" content=\"summary_large_image\" \/>\n<meta name=\"twitter:site\" content=\"@felixsolisgrupo\" \/>\n<meta name=\"twitter:label1\" content=\"Dur\u00e9e de lecture estim\u00e9e\" \/>\n\t<meta name=\"twitter:data1\" content=\"1 minute\" \/>\n<script type=\"application\/ld+json\" class=\"yoast-schema-graph\">{\"@context\":\"https:\/\/schema.org\",\"@graph\":[{\"@type\":\"WebPage\",\"@id\":\"https:\/\/felixsolisavantis.com\/fr\/wine\/finca-valeria-rose\/\",\"url\":\"https:\/\/felixsolisavantis.com\/fr\/wine\/finca-valeria-rose\/\",\"name\":\"Finca Valeria Ros\u00e9 | F\u00e9lix Sol\u00eds Avantis\",\"isPartOf\":{\"@id\":\"https:\/\/felixsolisavantis.com\/#website\"},\"datePublished\":\"2026-04-23T11:15:56+00:00\",\"dateModified\":\"2026-04-23T11:17:42+00:00\",\"description\":\"Finca Valeria Ros\u00e9 trouve ses origines sur la c\u00f4te sud de la France, o\u00f9 le caract\u00e8re, l'ensoleillement et la fra\u00eecheur de la M\u00e9diterran\u00e9e donnent le ton au vignoble.\",\"inLanguage\":\"fr-FR\",\"potentialAction\":[{\"@type\":\"ReadAction\",\"target\":[\"https:\/\/felixsolisavantis.com\/fr\/wine\/finca-valeria-rose\/\"]}]},{\"@type\":\"WebSite\",\"@id\":\"https:\/\/felixsolisavantis.com\/#website\",\"url\":\"https:\/\/felixsolisavantis.com\/\",\"name\":\"F\u00e9lix Sol\u00eds Avantis\",\"description\":\"\",\"publisher\":{\"@id\":\"https:\/\/felixsolisavantis.com\/#organization\"},\"potentialAction\":[{\"@type\":\"SearchAction\",\"target\":{\"@type\":\"EntryPoint\",\"urlTemplate\":\"https:\/\/felixsolisavantis.com\/?s={search_term_string}\"},\"query-input\":\"required name=search_term_string\"}],\"inLanguage\":\"fr-FR\"},{\"@type\":\"Organization\",\"@id\":\"https:\/\/felixsolisavantis.com\/#organization\",\"name\":\"F\u00e9lix Sol\u00eds Avantis\",\"url\":\"https:\/\/felixsolisavantis.com\/\",\"logo\":{\"@type\":\"ImageObject\",\"inLanguage\":\"fr-FR\",\"@id\":\"https:\/\/felixsolisavantis.com\/#\/schema\/logo\/image\/\",\"url\":\"https:\/\/felixsolisavantis.com\/app\/uploads\/2022\/03\/felix_solis_avantis_logo_neg_rgb_black.png\",\"contentUrl\":\"https:\/\/felixsolisavantis.com\/app\/uploads\/2022\/03\/felix_solis_avantis_logo_neg_rgb_black.png\",\"width\":1820,\"height\":705,\"caption\":\"F\u00e9lix Sol\u00eds Avantis\"},\"image\":{\"@id\":\"https:\/\/felixsolisavantis.com\/#\/schema\/logo\/image\/\"},\"sameAs\":[\"https:\/\/www.facebook.com\/felixsolis.avantis\",\"https:\/\/twitter.com\/felixsolisgrupo\",\"https:\/\/www.instagram.com\/felixsolisavantis\/\"]}]}<\/script>\n<!-- \/ Yoast SEO plugin. -->","yoast_head_json":{"title":"Finca Valeria Ros\u00e9 | F\u00e9lix Sol\u00eds Avantis","description":"Finca Valeria Ros\u00e9 trouve ses origines sur la c\u00f4te sud de la France, o\u00f9 le caract\u00e8re, l'ensoleillement et la fra\u00eecheur de la M\u00e9diterran\u00e9e donnent le ton au vignoble.","robots":{"index":"index","follow":"follow","max-snippet":"max-snippet:-1","max-image-preview":"max-image-preview:large","max-video-preview":"max-video-preview:-1"},"canonical":"https:\/\/felixsolisavantis.com\/fr\/wine\/finca-valeria-rose\/","og_locale":"fr_FR","og_type":"article","og_title":"Finca Valeria Ros\u00e9 | F\u00e9lix Sol\u00eds Avantis","og_description":"Finca Valeria Ros\u00e9 trouve ses origines sur la c\u00f4te sud de la France, o\u00f9 le caract\u00e8re, l'ensoleillement et la fra\u00eecheur de la M\u00e9diterran\u00e9e donnent le ton au vignoble.","og_url":"https:\/\/felixsolisavantis.com\/fr\/wine\/finca-valeria-rose\/","og_site_name":"F\u00e9lix Sol\u00eds Avantis","article_publisher":"https:\/\/www.facebook.com\/felixsolis.avantis","article_modified_time":"2026-04-23T11:17:42+00:00","og_image":[{"width":261,"height":892,"url":"https:\/\/felixsolisavantis.com\/app\/uploads\/2026\/03\/finca-valeria-rose.png","type":"image\/png"}],"twitter_card":"summary_large_image","twitter_site":"@felixsolisgrupo","twitter_misc":{"Dur\u00e9e de lecture estim\u00e9e":"1 minute"},"schema":{"@context":"https:\/\/schema.org","@graph":[{"@type":"WebPage","@id":"https:\/\/felixsolisavantis.com\/fr\/wine\/finca-valeria-rose\/","url":"https:\/\/felixsolisavantis.com\/fr\/wine\/finca-valeria-rose\/","name":"Finca Valeria Ros\u00e9 | F\u00e9lix Sol\u00eds Avantis","isPartOf":{"@id":"https:\/\/felixsolisavantis.com\/#website"},"datePublished":"2026-04-23T11:15:56+00:00","dateModified":"2026-04-23T11:17:42+00:00","description":"Finca Valeria Ros\u00e9 trouve ses origines sur la c\u00f4te sud de la France, o\u00f9 le caract\u00e8re, l'ensoleillement et la fra\u00eecheur de la M\u00e9diterran\u00e9e donnent le ton au vignoble.","inLanguage":"fr-FR","potentialAction":[{"@type":"ReadAction","target":["https:\/\/felixsolisavantis.com\/fr\/wine\/finca-valeria-rose\/"]}]},{"@type":"WebSite","@id":"https:\/\/felixsolisavantis.com\/#website","url":"https:\/\/felixsolisavantis.com\/","name":"F\u00e9lix Sol\u00eds Avantis","description":"","publisher":{"@id":"https:\/\/felixsolisavantis.com\/#organization"},"potentialAction":[{"@type":"SearchAction","target":{"@type":"EntryPoint","urlTemplate":"https:\/\/felixsolisavantis.com\/?s={search_term_string}"},"query-input":"required name=search_term_string"}],"inLanguage":"fr-FR"},{"@type":"Organization","@id":"https:\/\/felixsolisavantis.com\/#organization","name":"F\u00e9lix Sol\u00eds Avantis","url":"https:\/\/felixsolisavantis.com\/","logo":{"@type":"ImageObject","inLanguage":"fr-FR","@id":"https:\/\/felixsolisavantis.com\/#\/schema\/logo\/image\/","url":"https:\/\/felixsolisavantis.com\/app\/uploads\/2022\/03\/felix_solis_avantis_logo_neg_rgb_black.png","contentUrl":"https:\/\/felixsolisavantis.com\/app\/uploads\/2022\/03\/felix_solis_avantis_logo_neg_rgb_black.png","width":1820,"height":705,"caption":"F\u00e9lix Sol\u00eds Avantis"},"image":{"@id":"https:\/\/felixsolisavantis.com\/#\/schema\/logo\/image\/"},"sameAs":["https:\/\/www.facebook.com\/felixsolis.avantis","https:\/\/twitter.com\/felixsolisgrupo","https:\/\/www.instagram.com\/felixsolisavantis\/"]}]}},"_links":{"self":[{"href":"https:\/\/felixsolisavantis.com\/fr\/wp-json\/wp\/v2\/wine\/32003"}],"collection":[{"href":"https:\/\/felixsolisavantis.com\/fr\/wp-json\/wp\/v2\/wine"}],"about":[{"href":"https:\/\/felixsolisavantis.com\/fr\/wp-json\/wp\/v2\/types\/wine"}],"author":[{"embeddable":true,"href":"https:\/\/felixsolisavantis.com\/fr\/wp-json\/wp\/v2\/users\/4"}],"wp:featuredmedia":[{"embeddable":true,"href":"https:\/\/felixsolisavantis.com\/fr\/wp-json\/wp\/v2\/media\/31786"}],"wp:attachment":[{"href":"https:\/\/felixsolisavantis.com\/fr\/wp-json\/wp\/v2\/media?parent=32003"}],"wp:term":[{"taxonomy":"region","embeddable":true,"href":"https:\/\/felixsolisavantis.com\/fr\/wp-json\/wp\/v2\/region?post=32003"},{"taxonomy":"wine-type","embeddable":true,"href":"https:\/\/felixsolisavantis.com\/fr\/wp-json\/wp\/v2\/wine-type?post=32003"},{"taxonomy":"wines_filter","embeddable":true,"href":"https:\/\/felixsolisavantis.com\/fr\/wp-json\/wp\/v2\/wines_filter?post=32003"},{"taxonomy":"valley","embeddable":true,"href":"https:\/\/felixsolisavantis.com\/fr\/wp-json\/wp\/v2\/valley?post=32003"}],"curies":[{"name":"wp","href":"https:\/\/api.w.org\/{rel}","templated":true}]}}