{"id":30582,"date":"2025-06-09T11:21:38","date_gmt":"2025-06-09T10:21:38","guid":{"rendered":"https:\/\/felixsolisavantis.com\/?post_type=wine&#038;p=30582"},"modified":"2025-06-17T16:01:57","modified_gmt":"2025-06-17T15:01:57","slug":"pago-de-fuentecojo","status":"publish","type":"wine","link":"https:\/\/felixsolisavantis.com\/fr\/wine\/pago-de-fuentecojo\/","title":{"rendered":"Pago de Fuentecojo"},"content":{"rendered":"<p>Il existait une source situ\u00e9e au fond d&#8217;une vall\u00e9e pr\u00e8s d&#8217;Olmedillo de Roa (Burgos), o\u00f9 les noyers et les amandiers apportaient des notes \u00e9pic\u00e9es et les m\u00fbriers et les cerisiers des notes fruit\u00e9es.<br \/>\nNos grands-parents savaient peut-\u00eatre que cette r\u00e9gion \u00e9tait unique, que son sol et son climat lui conf\u00e9raient quelque chose de particulier. C&#8217;est pourquoi ils y ont plant\u00e9 les vignes qui nous servent aujourd&#8217;hui \u00e0 \u00e9laborer notre vin Pago de Fuentecojo.<\/p>\n","protected":false},"excerpt":{"rendered":"<p>Il existait une source situ\u00e9e au fond d&#8217;une vall\u00e9e pr\u00e8s d&#8217;Olmedillo de Roa (Burgos), o\u00f9 les noyers et les amandiers apportaient des notes \u00e9pic\u00e9es et les m\u00fbriers et les cerisiers des notes fruit\u00e9es. Nos grands-parents savaient peut-\u00eatre que cette r\u00e9gion \u00e9tait unique, que son sol et son climat lui conf\u00e9raient quelque chose de particulier. C&#8217;est pourquoi ils y ont plant\u00e9 les vignes qui nous servent aujourd&#8217;hui \u00e0 \u00e9laborer notre vin Pago de Fuentecojo.<\/p>\n","protected":false},"author":171,"featured_media":23215,"menu_order":223,"template":"","format":"standard","region":[222],"wine-type":[235],"wines_filter":[600,817,593,636],"valley":[],"acf":[],"yoast_head":"<!-- This site is optimized with the Yoast SEO plugin v21.6 - https:\/\/yoast.com\/wordpress\/plugins\/seo\/ -->\n<title>Pago de Fuentecojo | F\u00e9lix Sol\u00eds Avantis<\/title>\n<meta name=\"description\" content=\"Il existait une source situ\u00e9e au fond d&#039;une vall\u00e9e pr\u00e8s d&#039;Olmedillo de Roa (Burgos), o\u00f9 les noyers et les amandiers apportaient des notes \u00e9pic\u00e9es et les m\u00fbriers et les cerisiers des notes fruit\u00e9es.Nos grands-parents savaient peut-\u00eatre que cette r\u00e9gion \u00e9tait unique, que son sol et son climat lui conf\u00e9raient quelque chose de particulier. C&#039;est pourquoi ils y ont plant\u00e9 les vignes qui nous servent aujourd&#039;hui \u00e0 \u00e9laborer notre vin Pago de Fuentecojo.\" \/>\n<meta name=\"robots\" content=\"index, follow, max-snippet:-1, max-image-preview:large, max-video-preview:-1\" \/>\n<link rel=\"canonical\" href=\"https:\/\/felixsolisavantis.com\/fr\/wine\/pago-de-fuentecojo\/\" \/>\n<meta property=\"og:locale\" content=\"fr_FR\" \/>\n<meta property=\"og:type\" content=\"article\" \/>\n<meta property=\"og:title\" content=\"Pago de Fuentecojo | F\u00e9lix Sol\u00eds Avantis\" \/>\n<meta property=\"og:description\" content=\"Il existait une source situ\u00e9e au fond d&#039;une vall\u00e9e pr\u00e8s d&#039;Olmedillo de Roa (Burgos), o\u00f9 les noyers et les amandiers apportaient des notes \u00e9pic\u00e9es et les m\u00fbriers et les cerisiers des notes fruit\u00e9es.Nos grands-parents savaient peut-\u00eatre que cette r\u00e9gion \u00e9tait unique, que son sol et son climat lui conf\u00e9raient quelque chose de particulier. C&#039;est pourquoi ils y ont plant\u00e9 les vignes qui nous servent aujourd&#039;hui \u00e0 \u00e9laborer notre vin Pago de Fuentecojo.\" \/>\n<meta property=\"og:url\" content=\"https:\/\/felixsolisavantis.com\/fr\/wine\/pago-de-fuentecojo\/\" \/>\n<meta property=\"og:site_name\" content=\"F\u00e9lix Sol\u00eds Avantis\" \/>\n<meta property=\"article:publisher\" content=\"https:\/\/www.facebook.com\/felixsolis.avantis\" \/>\n<meta property=\"article:modified_time\" content=\"2025-06-17T15:01:57+00:00\" \/>\n<meta property=\"og:image\" content=\"https:\/\/felixsolisavantis.com\/app\/uploads\/2020\/05\/pagodefuentecojo.png\" \/>\n\t<meta property=\"og:image:width\" content=\"261\" \/>\n\t<meta property=\"og:image:height\" content=\"892\" \/>\n\t<meta property=\"og:image:type\" content=\"image\/png\" \/>\n<meta name=\"twitter:card\" content=\"summary_large_image\" \/>\n<meta name=\"twitter:site\" content=\"@felixsolisgrupo\" \/>\n<meta name=\"twitter:label1\" content=\"Dur\u00e9e de lecture estim\u00e9e\" \/>\n\t<meta name=\"twitter:data1\" content=\"1 minute\" \/>\n<script type=\"application\/ld+json\" class=\"yoast-schema-graph\">{\"@context\":\"https:\/\/schema.org\",\"@graph\":[{\"@type\":\"WebPage\",\"@id\":\"https:\/\/felixsolisavantis.com\/fr\/wine\/pago-de-fuentecojo\/\",\"url\":\"https:\/\/felixsolisavantis.com\/fr\/wine\/pago-de-fuentecojo\/\",\"name\":\"Pago de Fuentecojo | F\u00e9lix Sol\u00eds Avantis\",\"isPartOf\":{\"@id\":\"https:\/\/felixsolisavantis.com\/#website\"},\"datePublished\":\"2025-06-09T10:21:38+00:00\",\"dateModified\":\"2025-06-17T15:01:57+00:00\",\"description\":\"Il existait une source situ\u00e9e au fond d'une vall\u00e9e pr\u00e8s d'Olmedillo de Roa (Burgos), o\u00f9 les noyers et les amandiers apportaient des notes \u00e9pic\u00e9es et les m\u00fbriers et les cerisiers des notes fruit\u00e9es.Nos grands-parents savaient peut-\u00eatre que cette r\u00e9gion \u00e9tait unique, que son sol et son climat lui conf\u00e9raient quelque chose de particulier. C'est pourquoi ils y ont plant\u00e9 les vignes qui nous servent aujourd'hui \u00e0 \u00e9laborer notre vin Pago de Fuentecojo.\",\"inLanguage\":\"fr-FR\",\"potentialAction\":[{\"@type\":\"ReadAction\",\"target\":[\"https:\/\/felixsolisavantis.com\/fr\/wine\/pago-de-fuentecojo\/\"]}]},{\"@type\":\"WebSite\",\"@id\":\"https:\/\/felixsolisavantis.com\/#website\",\"url\":\"https:\/\/felixsolisavantis.com\/\",\"name\":\"F\u00e9lix Sol\u00eds Avantis\",\"description\":\"\",\"publisher\":{\"@id\":\"https:\/\/felixsolisavantis.com\/#organization\"},\"potentialAction\":[{\"@type\":\"SearchAction\",\"target\":{\"@type\":\"EntryPoint\",\"urlTemplate\":\"https:\/\/felixsolisavantis.com\/?s={search_term_string}\"},\"query-input\":\"required name=search_term_string\"}],\"inLanguage\":\"fr-FR\"},{\"@type\":\"Organization\",\"@id\":\"https:\/\/felixsolisavantis.com\/#organization\",\"name\":\"F\u00e9lix Sol\u00eds Avantis\",\"url\":\"https:\/\/felixsolisavantis.com\/\",\"logo\":{\"@type\":\"ImageObject\",\"inLanguage\":\"fr-FR\",\"@id\":\"https:\/\/felixsolisavantis.com\/#\/schema\/logo\/image\/\",\"url\":\"https:\/\/felixsolisavantis.com\/app\/uploads\/2022\/03\/felix_solis_avantis_logo_neg_rgb_black.png\",\"contentUrl\":\"https:\/\/felixsolisavantis.com\/app\/uploads\/2022\/03\/felix_solis_avantis_logo_neg_rgb_black.png\",\"width\":1820,\"height\":705,\"caption\":\"F\u00e9lix Sol\u00eds Avantis\"},\"image\":{\"@id\":\"https:\/\/felixsolisavantis.com\/#\/schema\/logo\/image\/\"},\"sameAs\":[\"https:\/\/www.facebook.com\/felixsolis.avantis\",\"https:\/\/twitter.com\/felixsolisgrupo\",\"https:\/\/www.instagram.com\/felixsolisavantis\/\"]}]}<\/script>\n<!-- \/ Yoast SEO plugin. -->","yoast_head_json":{"title":"Pago de Fuentecojo | F\u00e9lix Sol\u00eds Avantis","description":"Il existait une source situ\u00e9e au fond d'une vall\u00e9e pr\u00e8s d'Olmedillo de Roa (Burgos), o\u00f9 les noyers et les amandiers apportaient des notes \u00e9pic\u00e9es et les m\u00fbriers et les cerisiers des notes fruit\u00e9es.Nos grands-parents savaient peut-\u00eatre que cette r\u00e9gion \u00e9tait unique, que son sol et son climat lui conf\u00e9raient quelque chose de particulier. C'est pourquoi ils y ont plant\u00e9 les vignes qui nous servent aujourd'hui \u00e0 \u00e9laborer notre vin Pago de Fuentecojo.","robots":{"index":"index","follow":"follow","max-snippet":"max-snippet:-1","max-image-preview":"max-image-preview:large","max-video-preview":"max-video-preview:-1"},"canonical":"https:\/\/felixsolisavantis.com\/fr\/wine\/pago-de-fuentecojo\/","og_locale":"fr_FR","og_type":"article","og_title":"Pago de Fuentecojo | F\u00e9lix Sol\u00eds Avantis","og_description":"Il existait une source situ\u00e9e au fond d'une vall\u00e9e pr\u00e8s d'Olmedillo de Roa (Burgos), o\u00f9 les noyers et les amandiers apportaient des notes \u00e9pic\u00e9es et les m\u00fbriers et les cerisiers des notes fruit\u00e9es.Nos grands-parents savaient peut-\u00eatre que cette r\u00e9gion \u00e9tait unique, que son sol et son climat lui conf\u00e9raient quelque chose de particulier. C'est pourquoi ils y ont plant\u00e9 les vignes qui nous servent aujourd'hui \u00e0 \u00e9laborer notre vin Pago de Fuentecojo.","og_url":"https:\/\/felixsolisavantis.com\/fr\/wine\/pago-de-fuentecojo\/","og_site_name":"F\u00e9lix Sol\u00eds Avantis","article_publisher":"https:\/\/www.facebook.com\/felixsolis.avantis","article_modified_time":"2025-06-17T15:01:57+00:00","og_image":[{"width":261,"height":892,"url":"https:\/\/felixsolisavantis.com\/app\/uploads\/2020\/05\/pagodefuentecojo.png","type":"image\/png"}],"twitter_card":"summary_large_image","twitter_site":"@felixsolisgrupo","twitter_misc":{"Dur\u00e9e de lecture estim\u00e9e":"1 minute"},"schema":{"@context":"https:\/\/schema.org","@graph":[{"@type":"WebPage","@id":"https:\/\/felixsolisavantis.com\/fr\/wine\/pago-de-fuentecojo\/","url":"https:\/\/felixsolisavantis.com\/fr\/wine\/pago-de-fuentecojo\/","name":"Pago de Fuentecojo | F\u00e9lix Sol\u00eds Avantis","isPartOf":{"@id":"https:\/\/felixsolisavantis.com\/#website"},"datePublished":"2025-06-09T10:21:38+00:00","dateModified":"2025-06-17T15:01:57+00:00","description":"Il existait une source situ\u00e9e au fond d'une vall\u00e9e pr\u00e8s d'Olmedillo de Roa (Burgos), o\u00f9 les noyers et les amandiers apportaient des notes \u00e9pic\u00e9es et les m\u00fbriers et les cerisiers des notes fruit\u00e9es.Nos grands-parents savaient peut-\u00eatre que cette r\u00e9gion \u00e9tait unique, que son sol et son climat lui conf\u00e9raient quelque chose de particulier. C'est pourquoi ils y ont plant\u00e9 les vignes qui nous servent aujourd'hui \u00e0 \u00e9laborer notre vin Pago de Fuentecojo.","inLanguage":"fr-FR","potentialAction":[{"@type":"ReadAction","target":["https:\/\/felixsolisavantis.com\/fr\/wine\/pago-de-fuentecojo\/"]}]},{"@type":"WebSite","@id":"https:\/\/felixsolisavantis.com\/#website","url":"https:\/\/felixsolisavantis.com\/","name":"F\u00e9lix Sol\u00eds Avantis","description":"","publisher":{"@id":"https:\/\/felixsolisavantis.com\/#organization"},"potentialAction":[{"@type":"SearchAction","target":{"@type":"EntryPoint","urlTemplate":"https:\/\/felixsolisavantis.com\/?s={search_term_string}"},"query-input":"required name=search_term_string"}],"inLanguage":"fr-FR"},{"@type":"Organization","@id":"https:\/\/felixsolisavantis.com\/#organization","name":"F\u00e9lix Sol\u00eds Avantis","url":"https:\/\/felixsolisavantis.com\/","logo":{"@type":"ImageObject","inLanguage":"fr-FR","@id":"https:\/\/felixsolisavantis.com\/#\/schema\/logo\/image\/","url":"https:\/\/felixsolisavantis.com\/app\/uploads\/2022\/03\/felix_solis_avantis_logo_neg_rgb_black.png","contentUrl":"https:\/\/felixsolisavantis.com\/app\/uploads\/2022\/03\/felix_solis_avantis_logo_neg_rgb_black.png","width":1820,"height":705,"caption":"F\u00e9lix Sol\u00eds Avantis"},"image":{"@id":"https:\/\/felixsolisavantis.com\/#\/schema\/logo\/image\/"},"sameAs":["https:\/\/www.facebook.com\/felixsolis.avantis","https:\/\/twitter.com\/felixsolisgrupo","https:\/\/www.instagram.com\/felixsolisavantis\/"]}]}},"_links":{"self":[{"href":"https:\/\/felixsolisavantis.com\/fr\/wp-json\/wp\/v2\/wine\/30582"}],"collection":[{"href":"https:\/\/felixsolisavantis.com\/fr\/wp-json\/wp\/v2\/wine"}],"about":[{"href":"https:\/\/felixsolisavantis.com\/fr\/wp-json\/wp\/v2\/types\/wine"}],"author":[{"embeddable":true,"href":"https:\/\/felixsolisavantis.com\/fr\/wp-json\/wp\/v2\/users\/171"}],"wp:featuredmedia":[{"embeddable":true,"href":"https:\/\/felixsolisavantis.com\/fr\/wp-json\/wp\/v2\/media\/23215"}],"wp:attachment":[{"href":"https:\/\/felixsolisavantis.com\/fr\/wp-json\/wp\/v2\/media?parent=30582"}],"wp:term":[{"taxonomy":"region","embeddable":true,"href":"https:\/\/felixsolisavantis.com\/fr\/wp-json\/wp\/v2\/region?post=30582"},{"taxonomy":"wine-type","embeddable":true,"href":"https:\/\/felixsolisavantis.com\/fr\/wp-json\/wp\/v2\/wine-type?post=30582"},{"taxonomy":"wines_filter","embeddable":true,"href":"https:\/\/felixsolisavantis.com\/fr\/wp-json\/wp\/v2\/wines_filter?post=30582"},{"taxonomy":"valley","embeddable":true,"href":"https:\/\/felixsolisavantis.com\/fr\/wp-json\/wp\/v2\/valley?post=30582"}],"curies":[{"name":"wp","href":"https:\/\/api.w.org\/{rel}","templated":true}]}}