{"id":30547,"date":"2025-06-05T17:13:10","date_gmt":"2025-06-05T16:13:10","guid":{"rendered":"https:\/\/felixsolisavantis.com\/?post_type=wine&#038;p=30547"},"modified":"2025-09-26T09:47:02","modified_gmt":"2025-09-26T08:47:02","slug":"el-pillo-vinas-rebeldes","status":"publish","type":"wine","link":"https:\/\/felixsolisavantis.com\/fr\/wine\/el-pillo-vinas-rebeldes\/","title":{"rendered":"El Pillo Vi\u00f1as Rebeldes"},"content":{"rendered":"<p>El Pillo \u00e9tait un jeune homme tr\u00e8s courageux, au temp\u00e9rament hautain, qui, par une nuit sans lune, voulait honorer tous les agriculteurs en faisant br\u00fbler le ciel. Cette nuit de septembre, en pleines vendanges, El Pillo d\u00e9roba des explosifs dans un tunnel en construction et, \u00e0 l\u2019aide de cerfs-volants en carton, il fit exploser cent une fus\u00e9es. \u00c0 minuit, non sans avoir fait longuement sonner les cloches de l\u2019\u00e9glise, il lan\u00e7a tout son arsenal depuis le point culminant.<\/p>\n<p>Personne n\u2019oubliera jamais l\u2019obscurit\u00e9 bris\u00e9e par cet \u00e9clat somptueux de lumi\u00e8res et de couleurs. L\u2019\u00e9clat fut si prolong\u00e9 que tous les agriculteurs virent de loin, pour la premi\u00e8re et derni\u00e8re fois, la beaut\u00e9 et la splendeur nocturnes de leurs vignobles. Ce vin rend hommage \u00e0 tout cela.<\/p>\n","protected":false},"excerpt":{"rendered":"<p>El Pillo \u00e9tait un jeune homme tr\u00e8s courageux, au temp\u00e9rament hautain, qui, par une nuit sans lune, voulait honorer tous les agriculteurs en faisant br\u00fbler le ciel. Cette nuit de septembre, en pleines vendanges, El Pillo d\u00e9roba des explosifs dans un tunnel en construction et, \u00e0 l\u2019aide de cerfs-volants en carton, il fit exploser cent une fus\u00e9es. \u00c0 minuit, non sans avoir fait longuement sonner les cloches de l\u2019\u00e9glise, il lan\u00e7a tout son arsenal depuis le point culminant. Personne n\u2019oubliera jamais l\u2019obscurit\u00e9 bris\u00e9e par cet \u00e9clat somptueux de lumi\u00e8res et de couleurs. L\u2019\u00e9clat fut si prolong\u00e9 que tous les agriculteurs virent de loin, pour la premi\u00e8re et derni\u00e8re fois, la [&hellip;]<\/p>\n","protected":false},"author":171,"featured_media":29979,"menu_order":219,"template":"","format":"standard","region":[226],"wine-type":[235],"wines_filter":[810],"valley":[],"acf":[],"yoast_head":"<!-- This site is optimized with the Yoast SEO plugin v21.6 - https:\/\/yoast.com\/wordpress\/plugins\/seo\/ -->\n<title>El Pillo Vi\u00f1as Rebeldes | F\u00e9lix Sol\u00eds Avantis<\/title>\n<meta name=\"description\" content=\"El Pillo \u00e9tait un jeune homme tr\u00e8s courageux, au temp\u00e9rament hautain, qui, par une nuit sans lune, voulait honorer tous les agriculteurs en faisant br\u00fbler le ciel. Cette nuit de septembre, en pleines vendanges, El Pillo d\u00e9roba des explosifs dans un tunnel en construction et, \u00e0 l\u2019aide de cerfs-volants en carton, il fit exploser cent une fus\u00e9es. \u00c0 minuit, non sans avoir fait longuement sonner les cloches de l\u2019\u00e9glise, il lan\u00e7a tout son arsenal depuis le point culminant.Personne n\u2019oubliera jamais l\u2019obscurit\u00e9 bris\u00e9e par cet \u00e9clat somptueux de lumi\u00e8res et de couleurs. L\u2019\u00e9clat fut si prolong\u00e9 que tous les agriculteurs virent de loin, pour la premi\u00e8re et derni\u00e8re fois, la beaut\u00e9 et la splendeur nocturnes de leurs vignobles. Ce vin rend hommage \u00e0 tout cela.\" \/>\n<meta name=\"robots\" content=\"index, follow, max-snippet:-1, max-image-preview:large, max-video-preview:-1\" \/>\n<link rel=\"canonical\" href=\"https:\/\/felixsolisavantis.com\/fr\/wine\/el-pillo-vinas-rebeldes\/\" \/>\n<meta property=\"og:locale\" content=\"fr_FR\" \/>\n<meta property=\"og:type\" content=\"article\" \/>\n<meta property=\"og:title\" content=\"El Pillo Vi\u00f1as Rebeldes | F\u00e9lix Sol\u00eds Avantis\" \/>\n<meta property=\"og:description\" content=\"El Pillo \u00e9tait un jeune homme tr\u00e8s courageux, au temp\u00e9rament hautain, qui, par une nuit sans lune, voulait honorer tous les agriculteurs en faisant br\u00fbler le ciel. Cette nuit de septembre, en pleines vendanges, El Pillo d\u00e9roba des explosifs dans un tunnel en construction et, \u00e0 l\u2019aide de cerfs-volants en carton, il fit exploser cent une fus\u00e9es. \u00c0 minuit, non sans avoir fait longuement sonner les cloches de l\u2019\u00e9glise, il lan\u00e7a tout son arsenal depuis le point culminant.Personne n\u2019oubliera jamais l\u2019obscurit\u00e9 bris\u00e9e par cet \u00e9clat somptueux de lumi\u00e8res et de couleurs. L\u2019\u00e9clat fut si prolong\u00e9 que tous les agriculteurs virent de loin, pour la premi\u00e8re et derni\u00e8re fois, la beaut\u00e9 et la splendeur nocturnes de leurs vignobles. Ce vin rend hommage \u00e0 tout cela.\" \/>\n<meta property=\"og:url\" content=\"https:\/\/felixsolisavantis.com\/fr\/wine\/el-pillo-vinas-rebeldes\/\" \/>\n<meta property=\"og:site_name\" content=\"F\u00e9lix Sol\u00eds Avantis\" \/>\n<meta property=\"article:publisher\" content=\"https:\/\/www.facebook.com\/felixsolis.avantis\" \/>\n<meta property=\"article:modified_time\" content=\"2025-09-26T08:47:02+00:00\" \/>\n<meta property=\"og:image\" content=\"https:\/\/felixsolisavantis.com\/app\/uploads\/2023\/09\/el-pillo-vinas-rebeldes-1.png\" \/>\n\t<meta property=\"og:image:width\" content=\"261\" \/>\n\t<meta property=\"og:image:height\" content=\"892\" \/>\n\t<meta property=\"og:image:type\" content=\"image\/png\" \/>\n<meta name=\"twitter:card\" content=\"summary_large_image\" \/>\n<meta name=\"twitter:site\" content=\"@felixsolisgrupo\" \/>\n<meta name=\"twitter:label1\" content=\"Dur\u00e9e de lecture estim\u00e9e\" \/>\n\t<meta name=\"twitter:data1\" content=\"1 minute\" \/>\n<script type=\"application\/ld+json\" class=\"yoast-schema-graph\">{\"@context\":\"https:\/\/schema.org\",\"@graph\":[{\"@type\":\"WebPage\",\"@id\":\"https:\/\/felixsolisavantis.com\/fr\/wine\/el-pillo-vinas-rebeldes\/\",\"url\":\"https:\/\/felixsolisavantis.com\/fr\/wine\/el-pillo-vinas-rebeldes\/\",\"name\":\"El Pillo Vi\u00f1as Rebeldes | F\u00e9lix Sol\u00eds Avantis\",\"isPartOf\":{\"@id\":\"https:\/\/felixsolisavantis.com\/#website\"},\"datePublished\":\"2025-06-05T16:13:10+00:00\",\"dateModified\":\"2025-09-26T08:47:02+00:00\",\"description\":\"El Pillo \u00e9tait un jeune homme tr\u00e8s courageux, au temp\u00e9rament hautain, qui, par une nuit sans lune, voulait honorer tous les agriculteurs en faisant br\u00fbler le ciel. Cette nuit de septembre, en pleines vendanges, El Pillo d\u00e9roba des explosifs dans un tunnel en construction et, \u00e0 l\u2019aide de cerfs-volants en carton, il fit exploser cent une fus\u00e9es. \u00c0 minuit, non sans avoir fait longuement sonner les cloches de l\u2019\u00e9glise, il lan\u00e7a tout son arsenal depuis le point culminant.Personne n\u2019oubliera jamais l\u2019obscurit\u00e9 bris\u00e9e par cet \u00e9clat somptueux de lumi\u00e8res et de couleurs. L\u2019\u00e9clat fut si prolong\u00e9 que tous les agriculteurs virent de loin, pour la premi\u00e8re et derni\u00e8re fois, la beaut\u00e9 et la splendeur nocturnes de leurs vignobles. Ce vin rend hommage \u00e0 tout cela.\",\"inLanguage\":\"fr-FR\",\"potentialAction\":[{\"@type\":\"ReadAction\",\"target\":[\"https:\/\/felixsolisavantis.com\/fr\/wine\/el-pillo-vinas-rebeldes\/\"]}]},{\"@type\":\"WebSite\",\"@id\":\"https:\/\/felixsolisavantis.com\/#website\",\"url\":\"https:\/\/felixsolisavantis.com\/\",\"name\":\"F\u00e9lix Sol\u00eds Avantis\",\"description\":\"\",\"publisher\":{\"@id\":\"https:\/\/felixsolisavantis.com\/#organization\"},\"potentialAction\":[{\"@type\":\"SearchAction\",\"target\":{\"@type\":\"EntryPoint\",\"urlTemplate\":\"https:\/\/felixsolisavantis.com\/?s={search_term_string}\"},\"query-input\":\"required name=search_term_string\"}],\"inLanguage\":\"fr-FR\"},{\"@type\":\"Organization\",\"@id\":\"https:\/\/felixsolisavantis.com\/#organization\",\"name\":\"F\u00e9lix Sol\u00eds Avantis\",\"url\":\"https:\/\/felixsolisavantis.com\/\",\"logo\":{\"@type\":\"ImageObject\",\"inLanguage\":\"fr-FR\",\"@id\":\"https:\/\/felixsolisavantis.com\/#\/schema\/logo\/image\/\",\"url\":\"https:\/\/felixsolisavantis.com\/app\/uploads\/2022\/03\/felix_solis_avantis_logo_neg_rgb_black.png\",\"contentUrl\":\"https:\/\/felixsolisavantis.com\/app\/uploads\/2022\/03\/felix_solis_avantis_logo_neg_rgb_black.png\",\"width\":1820,\"height\":705,\"caption\":\"F\u00e9lix Sol\u00eds Avantis\"},\"image\":{\"@id\":\"https:\/\/felixsolisavantis.com\/#\/schema\/logo\/image\/\"},\"sameAs\":[\"https:\/\/www.facebook.com\/felixsolis.avantis\",\"https:\/\/twitter.com\/felixsolisgrupo\",\"https:\/\/www.instagram.com\/felixsolisavantis\/\"]}]}<\/script>\n<!-- \/ Yoast SEO plugin. -->","yoast_head_json":{"title":"El Pillo Vi\u00f1as Rebeldes | F\u00e9lix Sol\u00eds Avantis","description":"El Pillo \u00e9tait un jeune homme tr\u00e8s courageux, au temp\u00e9rament hautain, qui, par une nuit sans lune, voulait honorer tous les agriculteurs en faisant br\u00fbler le ciel. Cette nuit de septembre, en pleines vendanges, El Pillo d\u00e9roba des explosifs dans un tunnel en construction et, \u00e0 l\u2019aide de cerfs-volants en carton, il fit exploser cent une fus\u00e9es. \u00c0 minuit, non sans avoir fait longuement sonner les cloches de l\u2019\u00e9glise, il lan\u00e7a tout son arsenal depuis le point culminant.Personne n\u2019oubliera jamais l\u2019obscurit\u00e9 bris\u00e9e par cet \u00e9clat somptueux de lumi\u00e8res et de couleurs. L\u2019\u00e9clat fut si prolong\u00e9 que tous les agriculteurs virent de loin, pour la premi\u00e8re et derni\u00e8re fois, la beaut\u00e9 et la splendeur nocturnes de leurs vignobles. Ce vin rend hommage \u00e0 tout cela.","robots":{"index":"index","follow":"follow","max-snippet":"max-snippet:-1","max-image-preview":"max-image-preview:large","max-video-preview":"max-video-preview:-1"},"canonical":"https:\/\/felixsolisavantis.com\/fr\/wine\/el-pillo-vinas-rebeldes\/","og_locale":"fr_FR","og_type":"article","og_title":"El Pillo Vi\u00f1as Rebeldes | F\u00e9lix Sol\u00eds Avantis","og_description":"El Pillo \u00e9tait un jeune homme tr\u00e8s courageux, au temp\u00e9rament hautain, qui, par une nuit sans lune, voulait honorer tous les agriculteurs en faisant br\u00fbler le ciel. Cette nuit de septembre, en pleines vendanges, El Pillo d\u00e9roba des explosifs dans un tunnel en construction et, \u00e0 l\u2019aide de cerfs-volants en carton, il fit exploser cent une fus\u00e9es. \u00c0 minuit, non sans avoir fait longuement sonner les cloches de l\u2019\u00e9glise, il lan\u00e7a tout son arsenal depuis le point culminant.Personne n\u2019oubliera jamais l\u2019obscurit\u00e9 bris\u00e9e par cet \u00e9clat somptueux de lumi\u00e8res et de couleurs. L\u2019\u00e9clat fut si prolong\u00e9 que tous les agriculteurs virent de loin, pour la premi\u00e8re et derni\u00e8re fois, la beaut\u00e9 et la splendeur nocturnes de leurs vignobles. Ce vin rend hommage \u00e0 tout cela.","og_url":"https:\/\/felixsolisavantis.com\/fr\/wine\/el-pillo-vinas-rebeldes\/","og_site_name":"F\u00e9lix Sol\u00eds Avantis","article_publisher":"https:\/\/www.facebook.com\/felixsolis.avantis","article_modified_time":"2025-09-26T08:47:02+00:00","og_image":[{"width":261,"height":892,"url":"https:\/\/felixsolisavantis.com\/app\/uploads\/2023\/09\/el-pillo-vinas-rebeldes-1.png","type":"image\/png"}],"twitter_card":"summary_large_image","twitter_site":"@felixsolisgrupo","twitter_misc":{"Dur\u00e9e de lecture estim\u00e9e":"1 minute"},"schema":{"@context":"https:\/\/schema.org","@graph":[{"@type":"WebPage","@id":"https:\/\/felixsolisavantis.com\/fr\/wine\/el-pillo-vinas-rebeldes\/","url":"https:\/\/felixsolisavantis.com\/fr\/wine\/el-pillo-vinas-rebeldes\/","name":"El Pillo Vi\u00f1as Rebeldes | F\u00e9lix Sol\u00eds Avantis","isPartOf":{"@id":"https:\/\/felixsolisavantis.com\/#website"},"datePublished":"2025-06-05T16:13:10+00:00","dateModified":"2025-09-26T08:47:02+00:00","description":"El Pillo \u00e9tait un jeune homme tr\u00e8s courageux, au temp\u00e9rament hautain, qui, par une nuit sans lune, voulait honorer tous les agriculteurs en faisant br\u00fbler le ciel. Cette nuit de septembre, en pleines vendanges, El Pillo d\u00e9roba des explosifs dans un tunnel en construction et, \u00e0 l\u2019aide de cerfs-volants en carton, il fit exploser cent une fus\u00e9es. \u00c0 minuit, non sans avoir fait longuement sonner les cloches de l\u2019\u00e9glise, il lan\u00e7a tout son arsenal depuis le point culminant.Personne n\u2019oubliera jamais l\u2019obscurit\u00e9 bris\u00e9e par cet \u00e9clat somptueux de lumi\u00e8res et de couleurs. L\u2019\u00e9clat fut si prolong\u00e9 que tous les agriculteurs virent de loin, pour la premi\u00e8re et derni\u00e8re fois, la beaut\u00e9 et la splendeur nocturnes de leurs vignobles. Ce vin rend hommage \u00e0 tout cela.","inLanguage":"fr-FR","potentialAction":[{"@type":"ReadAction","target":["https:\/\/felixsolisavantis.com\/fr\/wine\/el-pillo-vinas-rebeldes\/"]}]},{"@type":"WebSite","@id":"https:\/\/felixsolisavantis.com\/#website","url":"https:\/\/felixsolisavantis.com\/","name":"F\u00e9lix Sol\u00eds Avantis","description":"","publisher":{"@id":"https:\/\/felixsolisavantis.com\/#organization"},"potentialAction":[{"@type":"SearchAction","target":{"@type":"EntryPoint","urlTemplate":"https:\/\/felixsolisavantis.com\/?s={search_term_string}"},"query-input":"required name=search_term_string"}],"inLanguage":"fr-FR"},{"@type":"Organization","@id":"https:\/\/felixsolisavantis.com\/#organization","name":"F\u00e9lix Sol\u00eds Avantis","url":"https:\/\/felixsolisavantis.com\/","logo":{"@type":"ImageObject","inLanguage":"fr-FR","@id":"https:\/\/felixsolisavantis.com\/#\/schema\/logo\/image\/","url":"https:\/\/felixsolisavantis.com\/app\/uploads\/2022\/03\/felix_solis_avantis_logo_neg_rgb_black.png","contentUrl":"https:\/\/felixsolisavantis.com\/app\/uploads\/2022\/03\/felix_solis_avantis_logo_neg_rgb_black.png","width":1820,"height":705,"caption":"F\u00e9lix Sol\u00eds Avantis"},"image":{"@id":"https:\/\/felixsolisavantis.com\/#\/schema\/logo\/image\/"},"sameAs":["https:\/\/www.facebook.com\/felixsolis.avantis","https:\/\/twitter.com\/felixsolisgrupo","https:\/\/www.instagram.com\/felixsolisavantis\/"]}]}},"_links":{"self":[{"href":"https:\/\/felixsolisavantis.com\/fr\/wp-json\/wp\/v2\/wine\/30547"}],"collection":[{"href":"https:\/\/felixsolisavantis.com\/fr\/wp-json\/wp\/v2\/wine"}],"about":[{"href":"https:\/\/felixsolisavantis.com\/fr\/wp-json\/wp\/v2\/types\/wine"}],"author":[{"embeddable":true,"href":"https:\/\/felixsolisavantis.com\/fr\/wp-json\/wp\/v2\/users\/171"}],"wp:featuredmedia":[{"embeddable":true,"href":"https:\/\/felixsolisavantis.com\/fr\/wp-json\/wp\/v2\/media\/29979"}],"wp:attachment":[{"href":"https:\/\/felixsolisavantis.com\/fr\/wp-json\/wp\/v2\/media?parent=30547"}],"wp:term":[{"taxonomy":"region","embeddable":true,"href":"https:\/\/felixsolisavantis.com\/fr\/wp-json\/wp\/v2\/region?post=30547"},{"taxonomy":"wine-type","embeddable":true,"href":"https:\/\/felixsolisavantis.com\/fr\/wp-json\/wp\/v2\/wine-type?post=30547"},{"taxonomy":"wines_filter","embeddable":true,"href":"https:\/\/felixsolisavantis.com\/fr\/wp-json\/wp\/v2\/wines_filter?post=30547"},{"taxonomy":"valley","embeddable":true,"href":"https:\/\/felixsolisavantis.com\/fr\/wp-json\/wp\/v2\/valley?post=30547"}],"curies":[{"name":"wp","href":"https:\/\/api.w.org\/{rel}","templated":true}]}}