{"id":9941,"date":"2017-07-12T09:28:56","date_gmt":"2017-07-12T09:28:56","guid":{"rendered":"http:\/\/felixsolisavantis.com\/de\/?post_type=wine&#038;p=9941"},"modified":"2023-03-18T22:52:03","modified_gmt":"2023-03-18T22:52:03","slug":"el-aviador-tempranillo","status":"publish","type":"wine","link":"https:\/\/felixsolisavantis.com\/de\/wine\/el-aviador-tempranillo\/","title":{"rendered":"El Aviador Tempranillo"},"content":{"rendered":"<p>F\u00fcr die meisten Menschen ist der Himmel die Grenze. El Aviador ist im Himmel zuhause.<\/p>\n<p>Tempranillo ist die spanische Rebsorte par excellence und sie wird gro\u00dfr\u00e4umig in der gesamten Region Kastilien und Le\u00f3n angebaut und erh\u00e4lt unterschiedliche \u00f6rtliche Eigennamen wie Tinta de Toro, Tinta del Pa\u00eds usw.<\/p>\n","protected":false},"excerpt":{"rendered":"<p>F\u00fcr die meisten Menschen ist der Himmel die Grenze. El Aviador ist im Himmel zuhause. Tempranillo ist die spanische Rebsorte par excellence und sie wird gro\u00dfr\u00e4umig in der gesamten Region Kastilien und Le\u00f3n angebaut und erh\u00e4lt unterschiedliche \u00f6rtliche Eigennamen wie Tinta de Toro, Tinta del Pa\u00eds usw.<\/p>\n","protected":false},"author":4,"featured_media":17788,"menu_order":22,"template":"","format":"standard","region":[278],"wine-type":[280],"wines_filter":[448,591,638,619],"valley":[],"acf":[],"yoast_head":"<!-- This site is optimized with the Yoast SEO plugin v21.6 - https:\/\/yoast.com\/wordpress\/plugins\/seo\/ -->\n<title>El Aviador Tempranillo | F\u00e9lix Sol\u00eds Avantis<\/title>\n<meta name=\"robots\" content=\"index, follow, max-snippet:-1, max-image-preview:large, max-video-preview:-1\" \/>\n<link rel=\"canonical\" href=\"https:\/\/felixsolisavantis.com\/de\/wine\/el-aviador-tempranillo\/\" \/>\n<meta property=\"og:locale\" content=\"de_DE\" \/>\n<meta property=\"og:type\" content=\"article\" \/>\n<meta property=\"og:title\" content=\"El Aviador Tempranillo | F\u00e9lix Sol\u00eds Avantis\" \/>\n<meta property=\"og:description\" content=\"F\u00fcr die meisten Menschen ist der Himmel die Grenze. El Aviador ist im Himmel zuhause. Tempranillo ist die spanische Rebsorte par excellence und sie wird gro\u00dfr\u00e4umig in der gesamten Region Kastilien und Le\u00f3n angebaut und erh\u00e4lt unterschiedliche \u00f6rtliche Eigennamen wie Tinta de Toro, Tinta del Pa\u00eds usw.\" \/>\n<meta property=\"og:url\" content=\"https:\/\/felixsolisavantis.com\/de\/wine\/el-aviador-tempranillo\/\" \/>\n<meta property=\"og:site_name\" content=\"F\u00e9lix Sol\u00eds Avantis\" \/>\n<meta property=\"article:publisher\" content=\"https:\/\/www.facebook.com\/felixsolis.avantis\" \/>\n<meta property=\"article:modified_time\" content=\"2023-03-18T22:52:03+00:00\" \/>\n<meta property=\"og:image\" content=\"https:\/\/felixsolisavantis.com\/app\/uploads\/2014\/12\/elaviadortinto.png\" \/>\n\t<meta property=\"og:image:width\" content=\"261\" \/>\n\t<meta property=\"og:image:height\" content=\"892\" \/>\n\t<meta property=\"og:image:type\" content=\"image\/png\" \/>\n<meta name=\"twitter:card\" content=\"summary_large_image\" \/>\n<meta name=\"twitter:site\" content=\"@felixsolisgrupo\" \/>\n<meta name=\"twitter:label1\" content=\"Gesch\u00e4tzte Lesezeit\" \/>\n\t<meta name=\"twitter:data1\" content=\"1 Minute\" \/>\n<script type=\"application\/ld+json\" class=\"yoast-schema-graph\">{\"@context\":\"https:\/\/schema.org\",\"@graph\":[{\"@type\":\"WebPage\",\"@id\":\"https:\/\/felixsolisavantis.com\/de\/wine\/el-aviador-tempranillo\/\",\"url\":\"https:\/\/felixsolisavantis.com\/de\/wine\/el-aviador-tempranillo\/\",\"name\":\"El Aviador Tempranillo | F\u00e9lix Sol\u00eds Avantis\",\"isPartOf\":{\"@id\":\"https:\/\/felixsolisavantis.com\/#website\"},\"datePublished\":\"2017-07-12T09:28:56+00:00\",\"dateModified\":\"2023-03-18T22:52:03+00:00\",\"inLanguage\":\"de-DE\",\"potentialAction\":[{\"@type\":\"ReadAction\",\"target\":[\"https:\/\/felixsolisavantis.com\/de\/wine\/el-aviador-tempranillo\/\"]}]},{\"@type\":\"WebSite\",\"@id\":\"https:\/\/felixsolisavantis.com\/#website\",\"url\":\"https:\/\/felixsolisavantis.com\/\",\"name\":\"F\u00e9lix Sol\u00eds Avantis\",\"description\":\"\",\"publisher\":{\"@id\":\"https:\/\/felixsolisavantis.com\/#organization\"},\"potentialAction\":[{\"@type\":\"SearchAction\",\"target\":{\"@type\":\"EntryPoint\",\"urlTemplate\":\"https:\/\/felixsolisavantis.com\/?s={search_term_string}\"},\"query-input\":\"required name=search_term_string\"}],\"inLanguage\":\"de-DE\"},{\"@type\":\"Organization\",\"@id\":\"https:\/\/felixsolisavantis.com\/#organization\",\"name\":\"F\u00e9lix Sol\u00eds Avantis\",\"url\":\"https:\/\/felixsolisavantis.com\/\",\"logo\":{\"@type\":\"ImageObject\",\"inLanguage\":\"de-DE\",\"@id\":\"https:\/\/felixsolisavantis.com\/#\/schema\/logo\/image\/\",\"url\":\"https:\/\/felixsolisavantis.com\/app\/uploads\/2022\/03\/felix_solis_avantis_logo_neg_rgb_black.png\",\"contentUrl\":\"https:\/\/felixsolisavantis.com\/app\/uploads\/2022\/03\/felix_solis_avantis_logo_neg_rgb_black.png\",\"width\":1820,\"height\":705,\"caption\":\"F\u00e9lix Sol\u00eds Avantis\"},\"image\":{\"@id\":\"https:\/\/felixsolisavantis.com\/#\/schema\/logo\/image\/\"},\"sameAs\":[\"https:\/\/www.facebook.com\/felixsolis.avantis\",\"https:\/\/twitter.com\/felixsolisgrupo\",\"https:\/\/www.instagram.com\/felixsolisavantis\/\"]}]}<\/script>\n<!-- \/ Yoast SEO plugin. -->","yoast_head_json":{"title":"El Aviador Tempranillo | F\u00e9lix Sol\u00eds Avantis","robots":{"index":"index","follow":"follow","max-snippet":"max-snippet:-1","max-image-preview":"max-image-preview:large","max-video-preview":"max-video-preview:-1"},"canonical":"https:\/\/felixsolisavantis.com\/de\/wine\/el-aviador-tempranillo\/","og_locale":"de_DE","og_type":"article","og_title":"El Aviador Tempranillo | F\u00e9lix Sol\u00eds Avantis","og_description":"F\u00fcr die meisten Menschen ist der Himmel die Grenze. El Aviador ist im Himmel zuhause. Tempranillo ist die spanische Rebsorte par excellence und sie wird gro\u00dfr\u00e4umig in der gesamten Region Kastilien und Le\u00f3n angebaut und erh\u00e4lt unterschiedliche \u00f6rtliche Eigennamen wie Tinta de Toro, Tinta del Pa\u00eds usw.","og_url":"https:\/\/felixsolisavantis.com\/de\/wine\/el-aviador-tempranillo\/","og_site_name":"F\u00e9lix Sol\u00eds Avantis","article_publisher":"https:\/\/www.facebook.com\/felixsolis.avantis","article_modified_time":"2023-03-18T22:52:03+00:00","og_image":[{"width":261,"height":892,"url":"https:\/\/felixsolisavantis.com\/app\/uploads\/2014\/12\/elaviadortinto.png","type":"image\/png"}],"twitter_card":"summary_large_image","twitter_site":"@felixsolisgrupo","twitter_misc":{"Gesch\u00e4tzte Lesezeit":"1 Minute"},"schema":{"@context":"https:\/\/schema.org","@graph":[{"@type":"WebPage","@id":"https:\/\/felixsolisavantis.com\/de\/wine\/el-aviador-tempranillo\/","url":"https:\/\/felixsolisavantis.com\/de\/wine\/el-aviador-tempranillo\/","name":"El Aviador Tempranillo | F\u00e9lix Sol\u00eds Avantis","isPartOf":{"@id":"https:\/\/felixsolisavantis.com\/#website"},"datePublished":"2017-07-12T09:28:56+00:00","dateModified":"2023-03-18T22:52:03+00:00","inLanguage":"de-DE","potentialAction":[{"@type":"ReadAction","target":["https:\/\/felixsolisavantis.com\/de\/wine\/el-aviador-tempranillo\/"]}]},{"@type":"WebSite","@id":"https:\/\/felixsolisavantis.com\/#website","url":"https:\/\/felixsolisavantis.com\/","name":"F\u00e9lix Sol\u00eds Avantis","description":"","publisher":{"@id":"https:\/\/felixsolisavantis.com\/#organization"},"potentialAction":[{"@type":"SearchAction","target":{"@type":"EntryPoint","urlTemplate":"https:\/\/felixsolisavantis.com\/?s={search_term_string}"},"query-input":"required name=search_term_string"}],"inLanguage":"de-DE"},{"@type":"Organization","@id":"https:\/\/felixsolisavantis.com\/#organization","name":"F\u00e9lix Sol\u00eds Avantis","url":"https:\/\/felixsolisavantis.com\/","logo":{"@type":"ImageObject","inLanguage":"de-DE","@id":"https:\/\/felixsolisavantis.com\/#\/schema\/logo\/image\/","url":"https:\/\/felixsolisavantis.com\/app\/uploads\/2022\/03\/felix_solis_avantis_logo_neg_rgb_black.png","contentUrl":"https:\/\/felixsolisavantis.com\/app\/uploads\/2022\/03\/felix_solis_avantis_logo_neg_rgb_black.png","width":1820,"height":705,"caption":"F\u00e9lix Sol\u00eds Avantis"},"image":{"@id":"https:\/\/felixsolisavantis.com\/#\/schema\/logo\/image\/"},"sameAs":["https:\/\/www.facebook.com\/felixsolis.avantis","https:\/\/twitter.com\/felixsolisgrupo","https:\/\/www.instagram.com\/felixsolisavantis\/"]}]}},"_links":{"self":[{"href":"https:\/\/felixsolisavantis.com\/de\/wp-json\/wp\/v2\/wine\/9941"}],"collection":[{"href":"https:\/\/felixsolisavantis.com\/de\/wp-json\/wp\/v2\/wine"}],"about":[{"href":"https:\/\/felixsolisavantis.com\/de\/wp-json\/wp\/v2\/types\/wine"}],"author":[{"embeddable":true,"href":"https:\/\/felixsolisavantis.com\/de\/wp-json\/wp\/v2\/users\/4"}],"wp:featuredmedia":[{"embeddable":true,"href":"https:\/\/felixsolisavantis.com\/de\/wp-json\/wp\/v2\/media\/17788"}],"wp:attachment":[{"href":"https:\/\/felixsolisavantis.com\/de\/wp-json\/wp\/v2\/media?parent=9941"}],"wp:term":[{"taxonomy":"region","embeddable":true,"href":"https:\/\/felixsolisavantis.com\/de\/wp-json\/wp\/v2\/region?post=9941"},{"taxonomy":"wine-type","embeddable":true,"href":"https:\/\/felixsolisavantis.com\/de\/wp-json\/wp\/v2\/wine-type?post=9941"},{"taxonomy":"wines_filter","embeddable":true,"href":"https:\/\/felixsolisavantis.com\/de\/wp-json\/wp\/v2\/wines_filter?post=9941"},{"taxonomy":"valley","embeddable":true,"href":"https:\/\/felixsolisavantis.com\/de\/wp-json\/wp\/v2\/valley?post=9941"}],"curies":[{"name":"wp","href":"https:\/\/api.w.org\/{rel}","templated":true}]}}